{"id":984,"date":"2014-02-19T14:49:46","date_gmt":"2014-02-19T13:49:46","guid":{"rendered":"https:\/\/www.onj.org\/?post_type=orchestre&#038;p=984"},"modified":"2014-02-28T09:25:13","modified_gmt":"2014-02-28T08:25:13","slug":"daniel-yvinec-2009-2013-en","status":"publish","type":"orchestre","link":"https:\/\/www.onj.org\/en\/orchestre\/daniel-yvinec-2009-2013-en\/","title":{"rendered":"DANIEL YVINEC <br\/>2009-2013"},"content":{"rendered":"<p><span class=\"exergue\">Daniel Yvinec<\/span><br \/>\nArtistic direction<\/p>\n<p><span class=\"exergue\">Sylvain Bardiau<\/span><br \/>\n<span class=\"exergue\"> Guillaume Poncelet<\/span><br \/>\nTrumpet, flugelhorn, trombone<\/p>\n<p><span class=\"exergue\">Antonin-Tri Hoang<\/span><br \/>\n<span class=\"exergue\"> R\u00e9mi Dumoulin<\/span><br \/>\nSaxophones, clarinets<\/p>\n<p><span class=\"exergue\">Matthieu Metzger<\/span><br \/>\nSaxophones, electronics<\/p>\n<p><span class=\"exergue\">Joce Mienniel<\/span><br \/>\nFlutes,\u00a0electronics<\/p>\n<p><span class=\"exergue\">Eve Risser<\/span><br \/>\nPiano, prepared and extended piano, keyboards, alto flute<\/p>\n<p><span class=\"exergue\">Vincent Lafont<\/span><br \/>\nKeyboards,\u00a0electronics<\/p>\n<p><span class=\"exergue\">Pierre Perchaud<\/span><br \/>\nGuitar<\/p>\n<p><span class=\"exergue\">Sylvain Daniel<\/span><br \/>\nElectric bass<\/p>\n<p><span class=\"exergue\">Yoann Serra<\/span><br \/>\nDrums<\/p>\n<p class=\"titre_italique\">&#8211; express timeline &#8211;<\/p>\n<p><b>MARCH 1<sup>st<\/sup> 2009<br \/>\n<\/b><span style=\"line-height: 1.5em;\">Radio France &#8211; Paris &#8211; France.<\/span><\/p>\n<p><b style=\"line-height: 1.5em;\">JUNE 26, 2009<br \/>\n<\/b><span style=\"line-height: 1.5em;\">Op\u00e9ra Comique\u00a0&#8211; Paris &#8211; France.<br \/>\n<\/span><span style=\"line-height: 1.5em;\">With Benoit Delbecq and Bernardo Sandoval.<\/span><\/p>\n<p><b style=\"line-height: 1.5em;\">OCTOBER 26, 2009<br \/>\n<\/b><span style=\"line-height: 1.5em;\">Marigny Theater &#8211; Paris &#8211; France.<br \/>\n<\/span><span style=\"line-height: 1.5em;\">With Yael Na\u00efm, Rokia Traor\u00e9, Ir\u00e8ne Jacob et Daniel Darc.<\/span><\/p>\n<p><span style=\"line-height: 1.5em;\">DECEMBER<\/span><b style=\"line-height: 1.5em;\"> 2009<br \/>\n<\/b><span style=\"line-height: 1.5em;\">Latin America tour (Brazil, Uruguay, Argentina).<\/span><\/p>\n<p><b style=\"line-height: 1.5em;\">JULY 19, 2010<br \/>\n<\/b><span style=\"line-height: 1.5em;\">Nice Jazz Festival &#8211; France.<br \/>\n<\/span><span style=\"line-height: 1.5em;\">With Erik Truffaz.<\/span><\/p>\n<p><b style=\"line-height: 1.5em;\">NOVEMBER 17, 2010<br \/>\n<\/b><span style=\"line-height: 1.5em;\">London Jazz Festival &#8211; England.<br \/>\n<\/span><span style=\"line-height: 1.5em;\">With John Hollenbeck.<\/span><\/p>\n<p><b>JANUARY 25, 2011<br \/>\n<\/b><span style=\"line-height: 1.5em;\">25th Anniversary of the ONJ<br \/>\nCh\u00e2telet Theater &#8211; Paris &#8211; France.<br \/>\n<\/span><span style=\"line-height: 1.5em;\">With Sandra Nkak\u00e9, John Greaves and Blanca Li Compagnie.<\/span><\/p>\n<p><b style=\"line-height: 1.5em;\"><em>MAY 25, 2011<\/em><br \/>\n<\/b><span style=\"line-height: 1.5em;\">Beijing Opera, China.<\/span><\/p>\n<p><b style=\"line-height: 1.5em;\"><em>JULY 2011<\/em><br \/>\n<\/b><span style=\"line-height: 1.5em;\">First Jazz Meeting at Avignon &#8211; France.<\/span><\/p>\n<p><b style=\"line-height: 1.5em;\"><em>JANUARY 19, 2012<\/em><br \/>\n<\/b><span style=\"line-height: 1.5em;\">Pannonica &#8211; Nantes &#8211; France.<\/span><\/p>\n<p><b style=\"line-height: 1.5em;\"><em>JULY 2012<\/em><br \/>\n<\/b>Radio France and Montpellier Festival &#8211; France.<br \/>\n<span style=\"line-height: 1.5em;\">With Billy Hart.<\/span><\/p>\n<p><b style=\"line-height: 1.5em;\"><em>AUGUST 23 &amp; 25, 2012<\/em><br \/>\n<\/b><span style=\"line-height: 1.5em;\">Festival Joy of Jazz &#8211; Johannesburg &#8211; South Africa.<\/span><\/p>\n<p><b style=\"line-height: 1.5em;\"><em>OCTOBER 24 &amp; 25, 2012<\/em><br \/>\n<\/b>Ga\u00eet\u00e9 lyrique &#8211; Paris &#8211; France.<\/p>\n<p><b style=\"line-height: 1.5em;\"><em>JANUARY 2013<\/em><br \/>\n<\/b><span style=\"line-height: 1.5em;\">Australian tour (Sydney, Melbourne, Hobart)<\/span><\/p>\n<p><b style=\"line-height: 1.5em;\"><em>JUNE 2013<\/em><br \/>\n<\/b><span style=\"line-height: 1.5em;\">CARAVAN(E) Creation produced by the French Institute of Marocco<br \/>\nMaroc tour (Fes, Rabat, Agadir, Marrakech, Tangier)<br \/>\n<\/span><b style=\"line-height: 1.5em;\"><br \/>\n<em>SEPTEMBER 28, 2013<\/em><br \/>\n<\/b><span style=\"line-height: 1.5em;\">CARAVAN(E)<br \/>\nInstitut du Monde Arabe &#8211; Paris &#8211; France.<\/span><\/p>\n<p><em><span style=\"line-height: 1.5em;\">DECEMBER<\/span><\/em><b style=\"line-height: 1.5em;\"><em> 21, 2013<\/em><br \/>\n<\/b><span style=\"line-height: 1.5em;\">La Ferme du Buisson &#8211; Noisiel &#8211; France.<\/span><\/p>\n<p class=\"titre_italique\">&#8211; DiscograpHY &#8211;<\/p>\n<p><a title=\"AROUND ROBERT WYATT\" href=\"https:\/\/www.onj.org\/record-yvinec\/around-robert-wyatt\/\"><em>Around Robert Wyatt<\/em><\/a><br \/>\n2009, Bee Jazz<\/p>\n<p><a title=\"SHUT UP AND DANCE\" href=\"https:\/\/www.onj.org\/record-yvinec\/shut-up-and-dance\/\"><em>Shut Up and Dance<\/em><\/a><br \/>\n2010, Bee Jazz<\/p>\n<p><a title=\"PIAZZOLLA\u00a0!\" href=\"https:\/\/www.onj.org\/record-yvinec\/piazzolla\/\"><em>Piazzolla!<\/em><\/a><br \/>\n2012, JazzVillage<\/p>\n<p><a title=\"The party\" href=\"https:\/\/www.onj.org\/record-yvinec\/the-party\/\"><em>The Party<\/em><\/a><br \/>\n2014, JazzVillage<\/p>\n","protected":false},"featured_media":331,"template":"","meta":[],"acf":[],"_links":{"self":[{"href":"https:\/\/www.onj.org\/en\/wp-json\/wp\/v2\/orchestre\/984"}],"collection":[{"href":"https:\/\/www.onj.org\/en\/wp-json\/wp\/v2\/orchestre"}],"about":[{"href":"https:\/\/www.onj.org\/en\/wp-json\/wp\/v2\/types\/orchestre"}],"wp:featuredmedia":[{"embeddable":true,"href":"https:\/\/www.onj.org\/en\/wp-json\/wp\/v2\/media\/331"}],"wp:attachment":[{"href":"https:\/\/www.onj.org\/en\/wp-json\/wp\/v2\/media?parent=984"}],"curies":[{"name":"wp","href":"https:\/\/api.w.org\/{rel}","templated":true}]}}